{"id":53819,"date":"2026-05-01T12:11:35","date_gmt":"2026-05-01T12:11:35","guid":{"rendered":"https:\/\/agendaalcoy.com\/event\/ca\/teatre-el-aguante-marta-belenguer-toni-agusti-lorena-lopez-rocio-domenech-manuel-canchal-jorge-motos-empar-ferrer"},"modified":"2026-05-03T09:49:44","modified_gmt":"2026-05-03T09:49:44","slug":"teatre-el-aguante-marta-belenguer-toni-agusti-lorena-lopez-rocio-domenech-manuel-canchal-jorge-motos-empar-ferrer","status":"publish","type":"event","link":"https:\/\/agendaalcoy.com\/ca\/event\/teatre-el-aguante-marta-belenguer-toni-agusti-lorena-lopez-rocio-domenech-manuel-canchal-jorge-motos-empar-ferrer\/","title":{"rendered":"Mostra de Teatre 2026: Teatre \u00abEl Aguante\u00bb Marta Belenguer, Toni Agust\u00ed, Lorena L\u00f3pez, Roc\u00edo Dom\u00e8nech, Manuel Ca\u00f1chal, Jorge Motos, Empar Ferrer"},"content":{"rendered":"<p>El Aguante \u00e9s una obra de teatre dirigida per V\u00edctor S\u00e1nchez Rodr\u00edguez, que es presenta al Teatre Calder\u00f3n. La hist\u00f2ria gira al voltant de Manuel, qui est\u00e0 ultimant l&#8217;estrena d&#8217;una obra en honor a la seua mare, Marta, una actriu famosa. La funci\u00f3 \u00e9s una versi\u00f3 radical de La gavina de Tx\u00e9khov.<\/p>\n","protected":false},"excerpt":{"rendered":"<p>El Aguante \u00e9s una obra de teatre dirigida per V\u00edctor S\u00e1nchez Rodr\u00edguez, que es presenta al Teatre Calder\u00f3n. La hist\u00f2ria gira al voltant de Manuel, qui est\u00e0 ultimant l&#8217;estrena d&#8217;una obra en honor a la seua mare, Marta, una actriu famosa. La funci\u00f3 \u00e9s una versi\u00f3 radical de La gavina de Tx\u00e9khov.<\/p>\n","protected":false},"author":1,"featured_media":53974,"comment_status":"closed","ping_status":"closed","template":"","meta":[],"event_cat":[157],"event_tag":[],"event_loc":[126],"class_list":["post-53819","event","type-event","status-publish","has-post-thumbnail","hentry","event_cat-teatre","event_loc-teatre-calderon"],"yoast_head":"<!-- This site is optimized with the Yoast SEO plugin v26.4 - https:\/\/yoast.com\/wordpress\/plugins\/seo\/ -->\n<title>Mostra de Teatre 2026: Teatre \u00abEl Aguante\u00bb Marta Belenguer, Toni Agust\u00ed, Lorena L\u00f3pez, Roc\u00edo Dom\u00e8nech, Manuel Ca\u00f1chal, Jorge Motos, Empar Ferrer | Agenda Alcoy<\/title>\n<meta name=\"robots\" content=\"index, follow, max-snippet:-1, max-image-preview:large, max-video-preview:-1\" \/>\n<link rel=\"canonical\" href=\"https:\/\/agendaalcoy.com\/ca\/event\/teatre-el-aguante-marta-belenguer-toni-agusti-lorena-lopez-rocio-domenech-manuel-canchal-jorge-motos-empar-ferrer\/\" \/>\n<meta property=\"og:locale\" content=\"ca_ES\" \/>\n<meta property=\"og:type\" content=\"article\" \/>\n<meta property=\"og:title\" content=\"Mostra de Teatre 2026: Teatre \u00abEl Aguante\u00bb Marta Belenguer, Toni Agust\u00ed, Lorena L\u00f3pez, Roc\u00edo Dom\u00e8nech, Manuel Ca\u00f1chal, Jorge Motos, Empar Ferrer | Agenda Alcoy\" \/>\n<meta property=\"og:description\" content=\"El Aguante \u00e9s una obra de teatre dirigida per V\u00edctor S\u00e1nchez Rodr\u00edguez, que es presenta al Teatre Calder\u00f3n. La hist\u00f2ria gira al voltant de Manuel, qui est\u00e0 ultimant l&#8217;estrena d&#8217;una obra en honor a la seua mare, Marta, una actriu famosa. La funci\u00f3 \u00e9s una versi\u00f3 radical de La gavina de Tx\u00e9khov.\" \/>\n<meta property=\"og:url\" content=\"https:\/\/agendaalcoy.com\/ca\/event\/teatre-el-aguante-marta-belenguer-toni-agusti-lorena-lopez-rocio-domenech-manuel-canchal-jorge-motos-empar-ferrer\/\" \/>\n<meta property=\"og:site_name\" content=\"Agenda Alcoy\" \/>\n<meta property=\"article:modified_time\" content=\"2026-05-03T09:49:44+00:00\" \/>\n<meta property=\"og:image\" content=\"https:\/\/agendaalcoy.com\/wp-content\/uploads\/2026\/05\/07-EL-AGUANTE-1.jpg\" \/>\n\t<meta property=\"og:image:width\" content=\"700\" \/>\n\t<meta property=\"og:image:height\" content=\"980\" \/>\n\t<meta property=\"og:image:type\" content=\"image\/jpeg\" \/>\n<meta name=\"twitter:card\" content=\"summary_large_image\" \/>\n<script type=\"application\/ld+json\" class=\"yoast-schema-graph\">{\"@context\":\"https:\/\/schema.org\",\"@graph\":[{\"@type\":\"WebPage\",\"@id\":\"https:\/\/agendaalcoy.com\/ca\/event\/teatre-el-aguante-marta-belenguer-toni-agusti-lorena-lopez-rocio-domenech-manuel-canchal-jorge-motos-empar-ferrer\/\",\"url\":\"https:\/\/agendaalcoy.com\/ca\/event\/teatre-el-aguante-marta-belenguer-toni-agusti-lorena-lopez-rocio-domenech-manuel-canchal-jorge-motos-empar-ferrer\/\",\"name\":\"Mostra de Teatre 2026: Teatre \u00abEl Aguante\u00bb Marta Belenguer, Toni Agust\u00ed, Lorena L\u00f3pez, Roc\u00edo Dom\u00e8nech, Manuel Ca\u00f1chal, Jorge Motos, Empar Ferrer | Agenda Alcoy\",\"isPartOf\":{\"@id\":\"https:\/\/agendaalcoy.com\/ca\/#website\"},\"primaryImageOfPage\":{\"@id\":\"https:\/\/agendaalcoy.com\/ca\/event\/teatre-el-aguante-marta-belenguer-toni-agusti-lorena-lopez-rocio-domenech-manuel-canchal-jorge-motos-empar-ferrer\/#primaryimage\"},\"image\":{\"@id\":\"https:\/\/agendaalcoy.com\/ca\/event\/teatre-el-aguante-marta-belenguer-toni-agusti-lorena-lopez-rocio-domenech-manuel-canchal-jorge-motos-empar-ferrer\/#primaryimage\"},\"thumbnailUrl\":\"https:\/\/agendaalcoy.com\/wp-content\/uploads\/2026\/05\/07-EL-AGUANTE-1.jpg\",\"datePublished\":\"2026-05-01T12:11:35+00:00\",\"dateModified\":\"2026-05-03T09:49:44+00:00\",\"breadcrumb\":{\"@id\":\"https:\/\/agendaalcoy.com\/ca\/event\/teatre-el-aguante-marta-belenguer-toni-agusti-lorena-lopez-rocio-domenech-manuel-canchal-jorge-motos-empar-ferrer\/#breadcrumb\"},\"inLanguage\":\"ca\",\"potentialAction\":[{\"@type\":\"ReadAction\",\"target\":[\"https:\/\/agendaalcoy.com\/ca\/event\/teatre-el-aguante-marta-belenguer-toni-agusti-lorena-lopez-rocio-domenech-manuel-canchal-jorge-motos-empar-ferrer\/\"]}]},{\"@type\":\"ImageObject\",\"inLanguage\":\"ca\",\"@id\":\"https:\/\/agendaalcoy.com\/ca\/event\/teatre-el-aguante-marta-belenguer-toni-agusti-lorena-lopez-rocio-domenech-manuel-canchal-jorge-motos-empar-ferrer\/#primaryimage\",\"url\":\"https:\/\/agendaalcoy.com\/wp-content\/uploads\/2026\/05\/07-EL-AGUANTE-1.jpg\",\"contentUrl\":\"https:\/\/agendaalcoy.com\/wp-content\/uploads\/2026\/05\/07-EL-AGUANTE-1.jpg\",\"width\":700,\"height\":980},{\"@type\":\"BreadcrumbList\",\"@id\":\"https:\/\/agendaalcoy.com\/ca\/event\/teatre-el-aguante-marta-belenguer-toni-agusti-lorena-lopez-rocio-domenech-manuel-canchal-jorge-motos-empar-ferrer\/#breadcrumb\",\"itemListElement\":[{\"@type\":\"ListItem\",\"position\":1,\"name\":\"Portada\",\"item\":\"https:\/\/agendaalcoy.com\/ca\/\"},{\"@type\":\"ListItem\",\"position\":2,\"name\":\"Mostra de Teatre 2026: Teatre \u00abEl Aguante\u00bb Marta Belenguer, Toni Agust\u00ed, Lorena L\u00f3pez, Roc\u00edo Dom\u00e8nech, Manuel Ca\u00f1chal, Jorge Motos, Empar Ferrer\"}]},{\"@type\":\"WebSite\",\"@id\":\"https:\/\/agendaalcoy.com\/ca\/#website\",\"url\":\"https:\/\/agendaalcoy.com\/ca\/\",\"name\":\"Agenda Alcoy\",\"description\":\"Agenda Cultural de Alcoy - Conciertos, teatro, exposiciones, actividades infantiles, tradiciones...\",\"potentialAction\":[{\"@type\":\"SearchAction\",\"target\":{\"@type\":\"EntryPoint\",\"urlTemplate\":\"https:\/\/agendaalcoy.com\/ca\/?s={search_term_string}\"},\"query-input\":{\"@type\":\"PropertyValueSpecification\",\"valueRequired\":true,\"valueName\":\"search_term_string\"}}],\"inLanguage\":\"ca\"}]}<\/script>\n<!-- \/ Yoast SEO plugin. -->","yoast_head_json":{"title":"Mostra de Teatre 2026: Teatre \u00abEl Aguante\u00bb Marta Belenguer, Toni Agust\u00ed, Lorena L\u00f3pez, Roc\u00edo Dom\u00e8nech, Manuel Ca\u00f1chal, Jorge Motos, Empar Ferrer | Agenda Alcoy","robots":{"index":"index","follow":"follow","max-snippet":"max-snippet:-1","max-image-preview":"max-image-preview:large","max-video-preview":"max-video-preview:-1"},"canonical":"https:\/\/agendaalcoy.com\/ca\/event\/teatre-el-aguante-marta-belenguer-toni-agusti-lorena-lopez-rocio-domenech-manuel-canchal-jorge-motos-empar-ferrer\/","og_locale":"ca_ES","og_type":"article","og_title":"Mostra de Teatre 2026: Teatre \u00abEl Aguante\u00bb Marta Belenguer, Toni Agust\u00ed, Lorena L\u00f3pez, Roc\u00edo Dom\u00e8nech, Manuel Ca\u00f1chal, Jorge Motos, Empar Ferrer | Agenda Alcoy","og_description":"El Aguante \u00e9s una obra de teatre dirigida per V\u00edctor S\u00e1nchez Rodr\u00edguez, que es presenta al Teatre Calder\u00f3n. La hist\u00f2ria gira al voltant de Manuel, qui est\u00e0 ultimant l&#8217;estrena d&#8217;una obra en honor a la seua mare, Marta, una actriu famosa. La funci\u00f3 \u00e9s una versi\u00f3 radical de La gavina de Tx\u00e9khov.","og_url":"https:\/\/agendaalcoy.com\/ca\/event\/teatre-el-aguante-marta-belenguer-toni-agusti-lorena-lopez-rocio-domenech-manuel-canchal-jorge-motos-empar-ferrer\/","og_site_name":"Agenda Alcoy","article_modified_time":"2026-05-03T09:49:44+00:00","og_image":[{"width":700,"height":980,"url":"https:\/\/agendaalcoy.com\/wp-content\/uploads\/2026\/05\/07-EL-AGUANTE-1.jpg","type":"image\/jpeg"}],"twitter_card":"summary_large_image","schema":{"@context":"https:\/\/schema.org","@graph":[{"@type":"WebPage","@id":"https:\/\/agendaalcoy.com\/ca\/event\/teatre-el-aguante-marta-belenguer-toni-agusti-lorena-lopez-rocio-domenech-manuel-canchal-jorge-motos-empar-ferrer\/","url":"https:\/\/agendaalcoy.com\/ca\/event\/teatre-el-aguante-marta-belenguer-toni-agusti-lorena-lopez-rocio-domenech-manuel-canchal-jorge-motos-empar-ferrer\/","name":"Mostra de Teatre 2026: Teatre \u00abEl Aguante\u00bb Marta Belenguer, Toni Agust\u00ed, Lorena L\u00f3pez, Roc\u00edo Dom\u00e8nech, Manuel Ca\u00f1chal, Jorge Motos, Empar Ferrer | Agenda Alcoy","isPartOf":{"@id":"https:\/\/agendaalcoy.com\/ca\/#website"},"primaryImageOfPage":{"@id":"https:\/\/agendaalcoy.com\/ca\/event\/teatre-el-aguante-marta-belenguer-toni-agusti-lorena-lopez-rocio-domenech-manuel-canchal-jorge-motos-empar-ferrer\/#primaryimage"},"image":{"@id":"https:\/\/agendaalcoy.com\/ca\/event\/teatre-el-aguante-marta-belenguer-toni-agusti-lorena-lopez-rocio-domenech-manuel-canchal-jorge-motos-empar-ferrer\/#primaryimage"},"thumbnailUrl":"https:\/\/agendaalcoy.com\/wp-content\/uploads\/2026\/05\/07-EL-AGUANTE-1.jpg","datePublished":"2026-05-01T12:11:35+00:00","dateModified":"2026-05-03T09:49:44+00:00","breadcrumb":{"@id":"https:\/\/agendaalcoy.com\/ca\/event\/teatre-el-aguante-marta-belenguer-toni-agusti-lorena-lopez-rocio-domenech-manuel-canchal-jorge-motos-empar-ferrer\/#breadcrumb"},"inLanguage":"ca","potentialAction":[{"@type":"ReadAction","target":["https:\/\/agendaalcoy.com\/ca\/event\/teatre-el-aguante-marta-belenguer-toni-agusti-lorena-lopez-rocio-domenech-manuel-canchal-jorge-motos-empar-ferrer\/"]}]},{"@type":"ImageObject","inLanguage":"ca","@id":"https:\/\/agendaalcoy.com\/ca\/event\/teatre-el-aguante-marta-belenguer-toni-agusti-lorena-lopez-rocio-domenech-manuel-canchal-jorge-motos-empar-ferrer\/#primaryimage","url":"https:\/\/agendaalcoy.com\/wp-content\/uploads\/2026\/05\/07-EL-AGUANTE-1.jpg","contentUrl":"https:\/\/agendaalcoy.com\/wp-content\/uploads\/2026\/05\/07-EL-AGUANTE-1.jpg","width":700,"height":980},{"@type":"BreadcrumbList","@id":"https:\/\/agendaalcoy.com\/ca\/event\/teatre-el-aguante-marta-belenguer-toni-agusti-lorena-lopez-rocio-domenech-manuel-canchal-jorge-motos-empar-ferrer\/#breadcrumb","itemListElement":[{"@type":"ListItem","position":1,"name":"Portada","item":"https:\/\/agendaalcoy.com\/ca\/"},{"@type":"ListItem","position":2,"name":"Mostra de Teatre 2026: Teatre \u00abEl Aguante\u00bb Marta Belenguer, Toni Agust\u00ed, Lorena L\u00f3pez, Roc\u00edo Dom\u00e8nech, Manuel Ca\u00f1chal, Jorge Motos, Empar Ferrer"}]},{"@type":"WebSite","@id":"https:\/\/agendaalcoy.com\/ca\/#website","url":"https:\/\/agendaalcoy.com\/ca\/","name":"Agenda Alcoy","description":"Agenda Cultural de Alcoy - Conciertos, teatro, exposiciones, actividades infantiles, tradiciones...","potentialAction":[{"@type":"SearchAction","target":{"@type":"EntryPoint","urlTemplate":"https:\/\/agendaalcoy.com\/ca\/?s={search_term_string}"},"query-input":{"@type":"PropertyValueSpecification","valueRequired":true,"valueName":"search_term_string"}}],"inLanguage":"ca"}]}},"start_date":"02-06-2026","end_date":"02-06-2026","start_time":"19:45","end_time":"21:45","event_address":"Teatre Calder\u00f3n","categories":["Teatre"],"featured_image":"https:\/\/agendaalcoy.com\/wp-content\/uploads\/2026\/05\/07-EL-AGUANTE-1.jpg","_links":{"self":[{"href":"https:\/\/agendaalcoy.com\/ca\/wp-json\/wp\/v2\/event\/53819","targetHints":{"allow":["GET"]}}],"collection":[{"href":"https:\/\/agendaalcoy.com\/ca\/wp-json\/wp\/v2\/event"}],"about":[{"href":"https:\/\/agendaalcoy.com\/ca\/wp-json\/wp\/v2\/types\/event"}],"author":[{"embeddable":true,"href":"https:\/\/agendaalcoy.com\/ca\/wp-json\/wp\/v2\/users\/1"}],"replies":[{"embeddable":true,"href":"https:\/\/agendaalcoy.com\/ca\/wp-json\/wp\/v2\/comments?post=53819"}],"version-history":[{"count":3,"href":"https:\/\/agendaalcoy.com\/ca\/wp-json\/wp\/v2\/event\/53819\/revisions"}],"predecessor-version":[{"id":54005,"href":"https:\/\/agendaalcoy.com\/ca\/wp-json\/wp\/v2\/event\/53819\/revisions\/54005"}],"wp:featuredmedia":[{"embeddable":true,"href":"https:\/\/agendaalcoy.com\/ca\/wp-json\/wp\/v2\/media\/53974"}],"wp:attachment":[{"href":"https:\/\/agendaalcoy.com\/ca\/wp-json\/wp\/v2\/media?parent=53819"}],"wp:term":[{"taxonomy":"event_cat","embeddable":true,"href":"https:\/\/agendaalcoy.com\/ca\/wp-json\/wp\/v2\/event_cat?post=53819"},{"taxonomy":"event_tag","embeddable":true,"href":"https:\/\/agendaalcoy.com\/ca\/wp-json\/wp\/v2\/event_tag?post=53819"},{"taxonomy":"event_loc","embeddable":true,"href":"https:\/\/agendaalcoy.com\/ca\/wp-json\/wp\/v2\/event_loc?post=53819"}],"curies":[{"name":"wp","href":"https:\/\/api.w.org\/{rel}","templated":true}]}}