{"id":52841,"date":"2026-04-15T23:07:32","date_gmt":"2026-04-15T23:07:32","guid":{"rendered":"https:\/\/agendaalcoy.com\/event\/ca\/concierto-entra-al-mon-tatati-verdcel"},"modified":"2026-04-17T08:25:16","modified_gmt":"2026-04-17T08:25:16","slug":"concierto-entra-al-mon-tatati-verdcel","status":"publish","type":"event","link":"https:\/\/agendaalcoy.com\/ca\/event\/concierto-entra-al-mon-tatati-verdcel\/","title":{"rendered":"\u00abConcierto: Entra al m\u00f3n Tatat\u00ed\u00bb Verdcel"},"content":{"rendered":"<p>Un concert familiar de Verdcel amb m\u00fasica, contes i jocs a L&#8217;Espai \u00c0gora d&#8217;Alcoi. Inscripci\u00f3 necess\u00e0ria.<\/p>\n<p><em>Agenda Alcoy \u00e9s un servei merament informatiu. Publiquem informaci\u00f3 facilitada per fonts disponibles o pels organitzadors, per la qual cosa no assumim cap responsabilitat si, en el moment de la publicaci\u00f3 o posteriorment, l\u2019esdeveniment haguera sigut cancel\u00b7lat, modificat, ajornat, tinguera l\u2019aforament complet, continguera errors en la descripci\u00f3 o experimentara qualsevol altre canvi no comunicat a temps pels organitzadors. Recomanem verificar sempre la informaci\u00f3 a trav\u00e9s de les fonts oficials dels organitzadors.<\/em><\/p>\n","protected":false},"excerpt":{"rendered":"<p>Un concert familiar de Verdcel amb m\u00fasica, contes i jocs a L&#8217;Espai \u00c0gora d&#8217;Alcoi. Inscripci\u00f3 necess\u00e0ria. Agenda Alcoy \u00e9s un servei merament informatiu. Publiquem informaci\u00f3 facilitada per fonts disponibles o pels organitzadors, per la qual cosa no assumim cap responsabilitat si, en el moment de la publicaci\u00f3 o posteriorment, l\u2019esdeveniment haguera sigut cancel\u00b7lat, modificat, ajornat, [&hellip;]<\/p>\n","protected":false},"author":1,"featured_media":52888,"comment_status":"closed","ping_status":"closed","template":"","meta":[],"event_cat":[133],"event_tag":[],"event_loc":[179],"class_list":["post-52841","event","type-event","status-publish","has-post-thumbnail","hentry","event_cat-activitats-per-a-xiquets","event_loc-espai-agora"],"yoast_head":"<!-- This site is optimized with the Yoast SEO plugin v26.4 - https:\/\/yoast.com\/wordpress\/plugins\/seo\/ -->\n<title>\u00abConcierto: Entra al m\u00f3n Tatat\u00ed\u00bb Verdcel | Agenda Alcoy<\/title>\n<meta name=\"robots\" content=\"index, follow, max-snippet:-1, max-image-preview:large, max-video-preview:-1\" \/>\n<link rel=\"canonical\" href=\"https:\/\/agendaalcoy.com\/ca\/event\/concierto-entra-al-mon-tatati-verdcel\/\" \/>\n<meta property=\"og:locale\" content=\"ca_ES\" \/>\n<meta property=\"og:type\" content=\"article\" \/>\n<meta property=\"og:title\" content=\"\u00abConcierto: Entra al m\u00f3n Tatat\u00ed\u00bb Verdcel | Agenda Alcoy\" \/>\n<meta property=\"og:description\" content=\"Un concert familiar de Verdcel amb m\u00fasica, contes i jocs a L&#8217;Espai \u00c0gora d&#8217;Alcoi. Inscripci\u00f3 necess\u00e0ria. Agenda Alcoy \u00e9s un servei merament informatiu. Publiquem informaci\u00f3 facilitada per fonts disponibles o pels organitzadors, per la qual cosa no assumim cap responsabilitat si, en el moment de la publicaci\u00f3 o posteriorment, l\u2019esdeveniment haguera sigut cancel\u00b7lat, modificat, ajornat, [&hellip;]\" \/>\n<meta property=\"og:url\" content=\"https:\/\/agendaalcoy.com\/ca\/event\/concierto-entra-al-mon-tatati-verdcel\/\" \/>\n<meta property=\"og:site_name\" content=\"Agenda Alcoy\" \/>\n<meta property=\"article:modified_time\" content=\"2026-04-17T08:25:16+00:00\" \/>\n<meta property=\"og:image\" content=\"https:\/\/agendaalcoy.com\/wp-content\/uploads\/2026\/04\/photo_2026-04-16_18-18-59.jpg\" \/>\n\t<meta property=\"og:image:width\" content=\"904\" \/>\n\t<meta property=\"og:image:height\" content=\"1280\" \/>\n\t<meta property=\"og:image:type\" content=\"image\/jpeg\" \/>\n<meta name=\"twitter:card\" content=\"summary_large_image\" \/>\n<script type=\"application\/ld+json\" class=\"yoast-schema-graph\">{\"@context\":\"https:\/\/schema.org\",\"@graph\":[{\"@type\":\"WebPage\",\"@id\":\"https:\/\/agendaalcoy.com\/ca\/event\/concierto-entra-al-mon-tatati-verdcel\/\",\"url\":\"https:\/\/agendaalcoy.com\/ca\/event\/concierto-entra-al-mon-tatati-verdcel\/\",\"name\":\"\u00abConcierto: Entra al m\u00f3n Tatat\u00ed\u00bb Verdcel | Agenda Alcoy\",\"isPartOf\":{\"@id\":\"https:\/\/agendaalcoy.com\/ca\/#website\"},\"primaryImageOfPage\":{\"@id\":\"https:\/\/agendaalcoy.com\/ca\/event\/concierto-entra-al-mon-tatati-verdcel\/#primaryimage\"},\"image\":{\"@id\":\"https:\/\/agendaalcoy.com\/ca\/event\/concierto-entra-al-mon-tatati-verdcel\/#primaryimage\"},\"thumbnailUrl\":\"https:\/\/agendaalcoy.com\/wp-content\/uploads\/2026\/04\/photo_2026-04-16_18-18-59.jpg\",\"datePublished\":\"2026-04-15T23:07:32+00:00\",\"dateModified\":\"2026-04-17T08:25:16+00:00\",\"breadcrumb\":{\"@id\":\"https:\/\/agendaalcoy.com\/ca\/event\/concierto-entra-al-mon-tatati-verdcel\/#breadcrumb\"},\"inLanguage\":\"ca\",\"potentialAction\":[{\"@type\":\"ReadAction\",\"target\":[\"https:\/\/agendaalcoy.com\/ca\/event\/concierto-entra-al-mon-tatati-verdcel\/\"]}]},{\"@type\":\"ImageObject\",\"inLanguage\":\"ca\",\"@id\":\"https:\/\/agendaalcoy.com\/ca\/event\/concierto-entra-al-mon-tatati-verdcel\/#primaryimage\",\"url\":\"https:\/\/agendaalcoy.com\/wp-content\/uploads\/2026\/04\/photo_2026-04-16_18-18-59.jpg\",\"contentUrl\":\"https:\/\/agendaalcoy.com\/wp-content\/uploads\/2026\/04\/photo_2026-04-16_18-18-59.jpg\",\"width\":904,\"height\":1280},{\"@type\":\"BreadcrumbList\",\"@id\":\"https:\/\/agendaalcoy.com\/ca\/event\/concierto-entra-al-mon-tatati-verdcel\/#breadcrumb\",\"itemListElement\":[{\"@type\":\"ListItem\",\"position\":1,\"name\":\"Portada\",\"item\":\"https:\/\/agendaalcoy.com\/ca\/\"},{\"@type\":\"ListItem\",\"position\":2,\"name\":\"\u00abConcierto: Entra al m\u00f3n Tatat\u00ed\u00bb Verdcel\"}]},{\"@type\":\"WebSite\",\"@id\":\"https:\/\/agendaalcoy.com\/ca\/#website\",\"url\":\"https:\/\/agendaalcoy.com\/ca\/\",\"name\":\"Agenda Alcoy\",\"description\":\"Agenda Cultural de Alcoy - Conciertos, teatro, exposiciones, actividades infantiles, tradiciones...\",\"potentialAction\":[{\"@type\":\"SearchAction\",\"target\":{\"@type\":\"EntryPoint\",\"urlTemplate\":\"https:\/\/agendaalcoy.com\/ca\/?s={search_term_string}\"},\"query-input\":{\"@type\":\"PropertyValueSpecification\",\"valueRequired\":true,\"valueName\":\"search_term_string\"}}],\"inLanguage\":\"ca\"}]}<\/script>\n<!-- \/ Yoast SEO plugin. -->","yoast_head_json":{"title":"\u00abConcierto: Entra al m\u00f3n Tatat\u00ed\u00bb Verdcel | Agenda Alcoy","robots":{"index":"index","follow":"follow","max-snippet":"max-snippet:-1","max-image-preview":"max-image-preview:large","max-video-preview":"max-video-preview:-1"},"canonical":"https:\/\/agendaalcoy.com\/ca\/event\/concierto-entra-al-mon-tatati-verdcel\/","og_locale":"ca_ES","og_type":"article","og_title":"\u00abConcierto: Entra al m\u00f3n Tatat\u00ed\u00bb Verdcel | Agenda Alcoy","og_description":"Un concert familiar de Verdcel amb m\u00fasica, contes i jocs a L&#8217;Espai \u00c0gora d&#8217;Alcoi. Inscripci\u00f3 necess\u00e0ria. Agenda Alcoy \u00e9s un servei merament informatiu. Publiquem informaci\u00f3 facilitada per fonts disponibles o pels organitzadors, per la qual cosa no assumim cap responsabilitat si, en el moment de la publicaci\u00f3 o posteriorment, l\u2019esdeveniment haguera sigut cancel\u00b7lat, modificat, ajornat, [&hellip;]","og_url":"https:\/\/agendaalcoy.com\/ca\/event\/concierto-entra-al-mon-tatati-verdcel\/","og_site_name":"Agenda Alcoy","article_modified_time":"2026-04-17T08:25:16+00:00","og_image":[{"width":904,"height":1280,"url":"https:\/\/agendaalcoy.com\/wp-content\/uploads\/2026\/04\/photo_2026-04-16_18-18-59.jpg","type":"image\/jpeg"}],"twitter_card":"summary_large_image","schema":{"@context":"https:\/\/schema.org","@graph":[{"@type":"WebPage","@id":"https:\/\/agendaalcoy.com\/ca\/event\/concierto-entra-al-mon-tatati-verdcel\/","url":"https:\/\/agendaalcoy.com\/ca\/event\/concierto-entra-al-mon-tatati-verdcel\/","name":"\u00abConcierto: Entra al m\u00f3n Tatat\u00ed\u00bb Verdcel | Agenda Alcoy","isPartOf":{"@id":"https:\/\/agendaalcoy.com\/ca\/#website"},"primaryImageOfPage":{"@id":"https:\/\/agendaalcoy.com\/ca\/event\/concierto-entra-al-mon-tatati-verdcel\/#primaryimage"},"image":{"@id":"https:\/\/agendaalcoy.com\/ca\/event\/concierto-entra-al-mon-tatati-verdcel\/#primaryimage"},"thumbnailUrl":"https:\/\/agendaalcoy.com\/wp-content\/uploads\/2026\/04\/photo_2026-04-16_18-18-59.jpg","datePublished":"2026-04-15T23:07:32+00:00","dateModified":"2026-04-17T08:25:16+00:00","breadcrumb":{"@id":"https:\/\/agendaalcoy.com\/ca\/event\/concierto-entra-al-mon-tatati-verdcel\/#breadcrumb"},"inLanguage":"ca","potentialAction":[{"@type":"ReadAction","target":["https:\/\/agendaalcoy.com\/ca\/event\/concierto-entra-al-mon-tatati-verdcel\/"]}]},{"@type":"ImageObject","inLanguage":"ca","@id":"https:\/\/agendaalcoy.com\/ca\/event\/concierto-entra-al-mon-tatati-verdcel\/#primaryimage","url":"https:\/\/agendaalcoy.com\/wp-content\/uploads\/2026\/04\/photo_2026-04-16_18-18-59.jpg","contentUrl":"https:\/\/agendaalcoy.com\/wp-content\/uploads\/2026\/04\/photo_2026-04-16_18-18-59.jpg","width":904,"height":1280},{"@type":"BreadcrumbList","@id":"https:\/\/agendaalcoy.com\/ca\/event\/concierto-entra-al-mon-tatati-verdcel\/#breadcrumb","itemListElement":[{"@type":"ListItem","position":1,"name":"Portada","item":"https:\/\/agendaalcoy.com\/ca\/"},{"@type":"ListItem","position":2,"name":"\u00abConcierto: Entra al m\u00f3n Tatat\u00ed\u00bb Verdcel"}]},{"@type":"WebSite","@id":"https:\/\/agendaalcoy.com\/ca\/#website","url":"https:\/\/agendaalcoy.com\/ca\/","name":"Agenda Alcoy","description":"Agenda Cultural de Alcoy - Conciertos, teatro, exposiciones, actividades infantiles, tradiciones...","potentialAction":[{"@type":"SearchAction","target":{"@type":"EntryPoint","urlTemplate":"https:\/\/agendaalcoy.com\/ca\/?s={search_term_string}"},"query-input":{"@type":"PropertyValueSpecification","valueRequired":true,"valueName":"search_term_string"}}],"inLanguage":"ca"}]}},"start_date":"02-05-2026","end_date":"02-05-2026","start_time":"11:00","end_time":"12:00","event_address":"L'Espai \u00c0gora","categories":["Infantil"],"featured_image":"https:\/\/agendaalcoy.com\/wp-content\/uploads\/2026\/04\/photo_2026-04-16_18-18-59.jpg","_links":{"self":[{"href":"https:\/\/agendaalcoy.com\/ca\/wp-json\/wp\/v2\/event\/52841","targetHints":{"allow":["GET"]}}],"collection":[{"href":"https:\/\/agendaalcoy.com\/ca\/wp-json\/wp\/v2\/event"}],"about":[{"href":"https:\/\/agendaalcoy.com\/ca\/wp-json\/wp\/v2\/types\/event"}],"author":[{"embeddable":true,"href":"https:\/\/agendaalcoy.com\/ca\/wp-json\/wp\/v2\/users\/1"}],"replies":[{"embeddable":true,"href":"https:\/\/agendaalcoy.com\/ca\/wp-json\/wp\/v2\/comments?post=52841"}],"version-history":[{"count":2,"href":"https:\/\/agendaalcoy.com\/ca\/wp-json\/wp\/v2\/event\/52841\/revisions"}],"predecessor-version":[{"id":52892,"href":"https:\/\/agendaalcoy.com\/ca\/wp-json\/wp\/v2\/event\/52841\/revisions\/52892"}],"wp:featuredmedia":[{"embeddable":true,"href":"https:\/\/agendaalcoy.com\/ca\/wp-json\/wp\/v2\/media\/52888"}],"wp:attachment":[{"href":"https:\/\/agendaalcoy.com\/ca\/wp-json\/wp\/v2\/media?parent=52841"}],"wp:term":[{"taxonomy":"event_cat","embeddable":true,"href":"https:\/\/agendaalcoy.com\/ca\/wp-json\/wp\/v2\/event_cat?post=52841"},{"taxonomy":"event_tag","embeddable":true,"href":"https:\/\/agendaalcoy.com\/ca\/wp-json\/wp\/v2\/event_tag?post=52841"},{"taxonomy":"event_loc","embeddable":true,"href":"https:\/\/agendaalcoy.com\/ca\/wp-json\/wp\/v2\/event_loc?post=52841"}],"curies":[{"name":"wp","href":"https:\/\/api.w.org\/{rel}","templated":true}]}}