{"id":51711,"date":"2026-04-02T16:26:08","date_gmt":"2026-04-02T16:26:08","guid":{"rendered":"https:\/\/agendaalcoy.com\/event\/ca\/fiestas-de-moros-y-cristianos-2026-alardo-del-mati"},"modified":"2026-04-22T10:11:41","modified_gmt":"2026-04-22T10:11:41","slug":"festes-de-moros-i-cristians-2026-alardo-del-mati","status":"publish","type":"event","link":"https:\/\/agendaalcoy.com\/ca\/event\/festes-de-moros-i-cristians-2026-alardo-del-mati\/","title":{"rendered":"\u00abFestes de Moros i Cristians 2026: Alardo del Mat\u00ed\u00bb"},"content":{"rendered":"<p>Acabat el parlament sense acord, comen\u00e7a el Alardo o batalla d&#8217;arcabusseria. El Alardo del mat\u00ed comen\u00e7a a les #11:00 hores des del Castell, amb l&#8217;eixida del Capit\u00e0 i l&#8217;Alferes Cristi\u00e0, seguits per les seues respectives filaes.<\/p>\n<p>El b\u00e0ndol cristi\u00e0 es divideix en dues columnes: una encap\u00e7alada pel Capit\u00e0 Cristi\u00e0, que ascendeix pel carrer Sant Nicolau i El Cam\u00ed fins a l&#8217;altura de la floristeria La Rosa, on es produeix l&#8217;Encaro amb el Capit\u00e0 Moro. Despr\u00e9s d&#8217;aix\u00f2, el Capit\u00e0 retrocedeix pel Cam\u00ed per a reincorporar-se a la desfilada a l&#8217;altura de l&#8217;encreuament amb Ram\u00f3n y Cajal, mentre que la resta de filaes cristianes baixen per Sant Mateu, travessen la placeta de la Creu Roja, Sant Nicolau i arriben a la pla\u00e7a d\u2019Espanya.<\/p>\n<p>Simult\u00e0niament, l&#8217;Alferes Cristi\u00e0 i els seus filaes baixen pel carrer Sant Lloren\u00e7 i l&#8217;avinguda del Pa\u00eds Valenci\u00e0 fins a l&#8217;encreuament amb Joan Cant\u00f3, on es produeix l&#8217;Encaro amb l&#8217;Alferes Moro. Despr\u00e9s, l&#8217;Alferes retrocedeix i s&#8217;uneix a l&#8217;\u00faltima fil\u00e0 cristiana a l&#8217;altura de la pla\u00e7a del Pintor Gisbert. La resta de filaes continuen per Pintor Gisbert, Roger de Ll\u00faria, Bartolom\u00e9 J. Gallardo i Rigoberto Albors, per a tornar a pujar per l&#8217;avinguda del Pa\u00eds Valenci\u00e0 i arribar finalment a la pla\u00e7a d\u2019Espanya.<\/p>\n<p>El b\u00e0ndol moro tamb\u00e9 es divideix en dues columnes. El Capit\u00e0 Moro avan\u00e7a cap a l&#8217;Encare amb el Capit\u00e0 Cristi\u00e0 en El Cam\u00ed i despr\u00e9s continua per Sant Nicolau fins a arribar a la pla\u00e7a d\u2019Espanya. Per part seua, l&#8217;Alferes Moro es troba amb l&#8217;Alferes Cristi\u00e0 en Joan Cant\u00f3 i prossegueix fins a la pla\u00e7a d\u2019Espanya, acompanyat per les seues filaes.<\/p>\n<p>Finalment, les filaes van entrant alternativament en la pla\u00e7a d\u2019Espanya. Els Capitans se situen al costat de l&#8217;Ajuntament i els Alferes al costat del Cercle Cat\u00f2lic d&#8217;Obrers. La guerrilla t\u00e9 lloc en la pla\u00e7a, amb els cristians retrocedint cap al Castell i els moros avan\u00e7ant cap a ell.<\/p>\n<p>L&#8217;acte conclou amb una lluita simb\u00f2lica cos a cos en la pla\u00e7a d\u2019Espanya i al Castell, que acaba sent pres pels moros.<\/p>\n","protected":false},"excerpt":{"rendered":"<p>Acabat el parlament sense acord, comen\u00e7a el Alardo o batalla d&#8217;arcabusseria. El Alardo del mat\u00ed comen\u00e7a a les #11:00 hores des del Castell, amb l&#8217;eixida del Capit\u00e0 i l&#8217;Alferes Cristi\u00e0, seguits per les seues respectives filaes. El b\u00e0ndol cristi\u00e0 es divideix en dues columnes: una encap\u00e7alada pel Capit\u00e0 Cristi\u00e0, que ascendeix pel carrer Sant Nicolau [&hellip;]<\/p>\n","protected":false},"author":1,"featured_media":51853,"comment_status":"closed","ping_status":"closed","template":"","meta":[],"event_cat":[154],"event_tag":[],"event_loc":[249],"class_list":["post-51711","event","type-event","status-publish","has-post-thumbnail","hentry","event_cat-tradicions-festes","event_loc-calles-del-centro-de-alcoy"],"yoast_head":"<!-- This site is optimized with the Yoast SEO plugin v26.4 - https:\/\/yoast.com\/wordpress\/plugins\/seo\/ -->\n<title>\u00abFestes de Moros i Cristians 2026: Alardo del Mat\u00ed\u00bb | Agenda Alcoy<\/title>\n<meta name=\"robots\" content=\"index, follow, max-snippet:-1, max-image-preview:large, max-video-preview:-1\" \/>\n<link rel=\"canonical\" href=\"https:\/\/agendaalcoy.com\/ca\/event\/festes-de-moros-i-cristians-2026-alardo-del-mati\/\" \/>\n<meta property=\"og:locale\" content=\"ca_ES\" \/>\n<meta property=\"og:type\" content=\"article\" \/>\n<meta property=\"og:title\" content=\"\u00abFestes de Moros i Cristians 2026: Alardo del Mat\u00ed\u00bb | Agenda Alcoy\" \/>\n<meta property=\"og:description\" content=\"Acabat el parlament sense acord, comen\u00e7a el Alardo o batalla d&#8217;arcabusseria. El Alardo del mat\u00ed comen\u00e7a a les #11:00 hores des del Castell, amb l&#8217;eixida del Capit\u00e0 i l&#8217;Alferes Cristi\u00e0, seguits per les seues respectives filaes. El b\u00e0ndol cristi\u00e0 es divideix en dues columnes: una encap\u00e7alada pel Capit\u00e0 Cristi\u00e0, que ascendeix pel carrer Sant Nicolau [&hellip;]\" \/>\n<meta property=\"og:url\" content=\"https:\/\/agendaalcoy.com\/ca\/event\/festes-de-moros-i-cristians-2026-alardo-del-mati\/\" \/>\n<meta property=\"og:site_name\" content=\"Agenda Alcoy\" \/>\n<meta property=\"article:modified_time\" content=\"2026-04-22T10:11:41+00:00\" \/>\n<meta property=\"og:image\" content=\"https:\/\/agendaalcoy.com\/wp-content\/uploads\/2026\/04\/cartel-de-fiestas-de-moros-y-cristianos-alcoy-2026.jpg\" \/>\n\t<meta property=\"og:image:width\" content=\"917\" \/>\n\t<meta property=\"og:image:height\" content=\"1280\" \/>\n\t<meta property=\"og:image:type\" content=\"image\/jpeg\" \/>\n<meta name=\"twitter:card\" content=\"summary_large_image\" \/>\n<meta name=\"twitter:label1\" content=\"Temps estimat de lectura\" \/>\n\t<meta name=\"twitter:data1\" content=\"2 minuts\" \/>\n<script type=\"application\/ld+json\" class=\"yoast-schema-graph\">{\"@context\":\"https:\/\/schema.org\",\"@graph\":[{\"@type\":\"WebPage\",\"@id\":\"https:\/\/agendaalcoy.com\/ca\/event\/festes-de-moros-i-cristians-2026-alardo-del-mati\/\",\"url\":\"https:\/\/agendaalcoy.com\/ca\/event\/festes-de-moros-i-cristians-2026-alardo-del-mati\/\",\"name\":\"\u00abFestes de Moros i Cristians 2026: Alardo del Mat\u00ed\u00bb | Agenda Alcoy\",\"isPartOf\":{\"@id\":\"https:\/\/agendaalcoy.com\/ca\/#website\"},\"primaryImageOfPage\":{\"@id\":\"https:\/\/agendaalcoy.com\/ca\/event\/festes-de-moros-i-cristians-2026-alardo-del-mati\/#primaryimage\"},\"image\":{\"@id\":\"https:\/\/agendaalcoy.com\/ca\/event\/festes-de-moros-i-cristians-2026-alardo-del-mati\/#primaryimage\"},\"thumbnailUrl\":\"https:\/\/agendaalcoy.com\/wp-content\/uploads\/2026\/04\/cartel-de-fiestas-de-moros-y-cristianos-alcoy-2026.jpg\",\"datePublished\":\"2026-04-02T16:26:08+00:00\",\"dateModified\":\"2026-04-22T10:11:41+00:00\",\"breadcrumb\":{\"@id\":\"https:\/\/agendaalcoy.com\/ca\/event\/festes-de-moros-i-cristians-2026-alardo-del-mati\/#breadcrumb\"},\"inLanguage\":\"ca\",\"potentialAction\":[{\"@type\":\"ReadAction\",\"target\":[\"https:\/\/agendaalcoy.com\/ca\/event\/festes-de-moros-i-cristians-2026-alardo-del-mati\/\"]}]},{\"@type\":\"ImageObject\",\"inLanguage\":\"ca\",\"@id\":\"https:\/\/agendaalcoy.com\/ca\/event\/festes-de-moros-i-cristians-2026-alardo-del-mati\/#primaryimage\",\"url\":\"https:\/\/agendaalcoy.com\/wp-content\/uploads\/2026\/04\/cartel-de-fiestas-de-moros-y-cristianos-alcoy-2026.jpg\",\"contentUrl\":\"https:\/\/agendaalcoy.com\/wp-content\/uploads\/2026\/04\/cartel-de-fiestas-de-moros-y-cristianos-alcoy-2026.jpg\",\"width\":917,\"height\":1280},{\"@type\":\"BreadcrumbList\",\"@id\":\"https:\/\/agendaalcoy.com\/ca\/event\/festes-de-moros-i-cristians-2026-alardo-del-mati\/#breadcrumb\",\"itemListElement\":[{\"@type\":\"ListItem\",\"position\":1,\"name\":\"Portada\",\"item\":\"https:\/\/agendaalcoy.com\/ca\/\"},{\"@type\":\"ListItem\",\"position\":2,\"name\":\"\u00abFestes de Moros i Cristians 2026: Alardo del Mat\u00ed\u00bb\"}]},{\"@type\":\"WebSite\",\"@id\":\"https:\/\/agendaalcoy.com\/ca\/#website\",\"url\":\"https:\/\/agendaalcoy.com\/ca\/\",\"name\":\"Agenda Alcoy\",\"description\":\"Agenda Cultural de Alcoy - Conciertos, teatro, exposiciones, actividades infantiles, tradiciones...\",\"potentialAction\":[{\"@type\":\"SearchAction\",\"target\":{\"@type\":\"EntryPoint\",\"urlTemplate\":\"https:\/\/agendaalcoy.com\/ca\/?s={search_term_string}\"},\"query-input\":{\"@type\":\"PropertyValueSpecification\",\"valueRequired\":true,\"valueName\":\"search_term_string\"}}],\"inLanguage\":\"ca\"}]}<\/script>\n<!-- \/ Yoast SEO plugin. -->","yoast_head_json":{"title":"\u00abFestes de Moros i Cristians 2026: Alardo del Mat\u00ed\u00bb | Agenda Alcoy","robots":{"index":"index","follow":"follow","max-snippet":"max-snippet:-1","max-image-preview":"max-image-preview:large","max-video-preview":"max-video-preview:-1"},"canonical":"https:\/\/agendaalcoy.com\/ca\/event\/festes-de-moros-i-cristians-2026-alardo-del-mati\/","og_locale":"ca_ES","og_type":"article","og_title":"\u00abFestes de Moros i Cristians 2026: Alardo del Mat\u00ed\u00bb | Agenda Alcoy","og_description":"Acabat el parlament sense acord, comen\u00e7a el Alardo o batalla d&#8217;arcabusseria. El Alardo del mat\u00ed comen\u00e7a a les #11:00 hores des del Castell, amb l&#8217;eixida del Capit\u00e0 i l&#8217;Alferes Cristi\u00e0, seguits per les seues respectives filaes. El b\u00e0ndol cristi\u00e0 es divideix en dues columnes: una encap\u00e7alada pel Capit\u00e0 Cristi\u00e0, que ascendeix pel carrer Sant Nicolau [&hellip;]","og_url":"https:\/\/agendaalcoy.com\/ca\/event\/festes-de-moros-i-cristians-2026-alardo-del-mati\/","og_site_name":"Agenda Alcoy","article_modified_time":"2026-04-22T10:11:41+00:00","og_image":[{"width":917,"height":1280,"url":"https:\/\/agendaalcoy.com\/wp-content\/uploads\/2026\/04\/cartel-de-fiestas-de-moros-y-cristianos-alcoy-2026.jpg","type":"image\/jpeg"}],"twitter_card":"summary_large_image","twitter_misc":{"Temps estimat de lectura":"2 minuts"},"schema":{"@context":"https:\/\/schema.org","@graph":[{"@type":"WebPage","@id":"https:\/\/agendaalcoy.com\/ca\/event\/festes-de-moros-i-cristians-2026-alardo-del-mati\/","url":"https:\/\/agendaalcoy.com\/ca\/event\/festes-de-moros-i-cristians-2026-alardo-del-mati\/","name":"\u00abFestes de Moros i Cristians 2026: Alardo del Mat\u00ed\u00bb | Agenda Alcoy","isPartOf":{"@id":"https:\/\/agendaalcoy.com\/ca\/#website"},"primaryImageOfPage":{"@id":"https:\/\/agendaalcoy.com\/ca\/event\/festes-de-moros-i-cristians-2026-alardo-del-mati\/#primaryimage"},"image":{"@id":"https:\/\/agendaalcoy.com\/ca\/event\/festes-de-moros-i-cristians-2026-alardo-del-mati\/#primaryimage"},"thumbnailUrl":"https:\/\/agendaalcoy.com\/wp-content\/uploads\/2026\/04\/cartel-de-fiestas-de-moros-y-cristianos-alcoy-2026.jpg","datePublished":"2026-04-02T16:26:08+00:00","dateModified":"2026-04-22T10:11:41+00:00","breadcrumb":{"@id":"https:\/\/agendaalcoy.com\/ca\/event\/festes-de-moros-i-cristians-2026-alardo-del-mati\/#breadcrumb"},"inLanguage":"ca","potentialAction":[{"@type":"ReadAction","target":["https:\/\/agendaalcoy.com\/ca\/event\/festes-de-moros-i-cristians-2026-alardo-del-mati\/"]}]},{"@type":"ImageObject","inLanguage":"ca","@id":"https:\/\/agendaalcoy.com\/ca\/event\/festes-de-moros-i-cristians-2026-alardo-del-mati\/#primaryimage","url":"https:\/\/agendaalcoy.com\/wp-content\/uploads\/2026\/04\/cartel-de-fiestas-de-moros-y-cristianos-alcoy-2026.jpg","contentUrl":"https:\/\/agendaalcoy.com\/wp-content\/uploads\/2026\/04\/cartel-de-fiestas-de-moros-y-cristianos-alcoy-2026.jpg","width":917,"height":1280},{"@type":"BreadcrumbList","@id":"https:\/\/agendaalcoy.com\/ca\/event\/festes-de-moros-i-cristians-2026-alardo-del-mati\/#breadcrumb","itemListElement":[{"@type":"ListItem","position":1,"name":"Portada","item":"https:\/\/agendaalcoy.com\/ca\/"},{"@type":"ListItem","position":2,"name":"\u00abFestes de Moros i Cristians 2026: Alardo del Mat\u00ed\u00bb"}]},{"@type":"WebSite","@id":"https:\/\/agendaalcoy.com\/ca\/#website","url":"https:\/\/agendaalcoy.com\/ca\/","name":"Agenda Alcoy","description":"Agenda Cultural de Alcoy - Conciertos, teatro, exposiciones, actividades infantiles, tradiciones...","potentialAction":[{"@type":"SearchAction","target":{"@type":"EntryPoint","urlTemplate":"https:\/\/agendaalcoy.com\/ca\/?s={search_term_string}"},"query-input":{"@type":"PropertyValueSpecification","valueRequired":true,"valueName":"search_term_string"}}],"inLanguage":"ca"}]}},"start_date":"27-04-2026","end_date":"27-04-2026","start_time":"11:00","end_time":"13:00","event_address":"Calles del centro de Alcoy","categories":["Tradicions"],"featured_image":"https:\/\/agendaalcoy.com\/wp-content\/uploads\/2026\/04\/cartel-de-fiestas-de-moros-y-cristianos-alcoy-2026.jpg","_links":{"self":[{"href":"https:\/\/agendaalcoy.com\/ca\/wp-json\/wp\/v2\/event\/51711","targetHints":{"allow":["GET"]}}],"collection":[{"href":"https:\/\/agendaalcoy.com\/ca\/wp-json\/wp\/v2\/event"}],"about":[{"href":"https:\/\/agendaalcoy.com\/ca\/wp-json\/wp\/v2\/types\/event"}],"author":[{"embeddable":true,"href":"https:\/\/agendaalcoy.com\/ca\/wp-json\/wp\/v2\/users\/1"}],"replies":[{"embeddable":true,"href":"https:\/\/agendaalcoy.com\/ca\/wp-json\/wp\/v2\/comments?post=51711"}],"version-history":[{"count":2,"href":"https:\/\/agendaalcoy.com\/ca\/wp-json\/wp\/v2\/event\/51711\/revisions"}],"predecessor-version":[{"id":53208,"href":"https:\/\/agendaalcoy.com\/ca\/wp-json\/wp\/v2\/event\/51711\/revisions\/53208"}],"wp:featuredmedia":[{"embeddable":true,"href":"https:\/\/agendaalcoy.com\/ca\/wp-json\/wp\/v2\/media\/51853"}],"wp:attachment":[{"href":"https:\/\/agendaalcoy.com\/ca\/wp-json\/wp\/v2\/media?parent=51711"}],"wp:term":[{"taxonomy":"event_cat","embeddable":true,"href":"https:\/\/agendaalcoy.com\/ca\/wp-json\/wp\/v2\/event_cat?post=51711"},{"taxonomy":"event_tag","embeddable":true,"href":"https:\/\/agendaalcoy.com\/ca\/wp-json\/wp\/v2\/event_tag?post=51711"},{"taxonomy":"event_loc","embeddable":true,"href":"https:\/\/agendaalcoy.com\/ca\/wp-json\/wp\/v2\/event_loc?post=51711"}],"curies":[{"name":"wp","href":"https:\/\/api.w.org\/{rel}","templated":true}]}}