{"id":51363,"date":"2026-03-31T09:49:59","date_gmt":"2026-03-31T09:49:59","guid":{"rendered":"https:\/\/agendaalcoy.com\/event\/ca\/exposicio-troballes-uniques-antoni-gisbert-placid-frances-ricard-navarrete-llorenc-casanova-emili-sala-francesc-laporta-ferran-cabrera-josep-mataix-peresejo-rigobert-soler-cabrera-gisbert-antoni-miro-golucho"},"modified":"2026-04-16T15:18:33","modified_gmt":"2026-04-16T15:18:33","slug":"exposicio-troballes-uniques-antoni-gisbert-placid-frances-ricard-navarrete-llorenc-casanova-emili-sala-francesc-laporta-ferran-cabrera-josep-mataix-peresejo-rigobert-soler-cabrera-gisbert-antoni-miro","status":"publish","type":"event","link":"https:\/\/agendaalcoy.com\/ca\/event\/exposicio-troballes-uniques-antoni-gisbert-placid-frances-ricard-navarrete-llorenc-casanova-emili-sala-francesc-laporta-ferran-cabrera-josep-mataix-peresejo-rigobert-soler-cabrera-gisbert-antoni-miro\/","title":{"rendered":"Inauguraci\u00f3 Exposici\u00f3: \u00abTroballes \u00daniques\u00bb"},"content":{"rendered":"<p>L&#8217;exposici\u00f3 &#8216;Troballes \u00daniques&#8217; presenta obres de destacats artistes: Antoni Gisbert, Pl\u00e0cid Franc\u00e9s, Ricard Navarrete, Lloren\u00e7 Casanova, Emili Sala, Francesc Laporta, Ferran Cabrera, Josep Mataix, Peresejo, Rigobert Soler, Cabrera Gisbert, Antoni Mir\u00f3, Golucho. <\/p>\n","protected":false},"excerpt":{"rendered":"<p>L&#8217;exposici\u00f3 &#8216;Troballes \u00daniques&#8217; presenta obres de destacats artistes: Antoni Gisbert, Pl\u00e0cid Franc\u00e9s, Ricard Navarrete, Lloren\u00e7 Casanova, Emili Sala, Francesc Laporta, Ferran Cabrera, Josep Mataix, Peresejo, Rigobert Soler, Cabrera Gisbert, Antoni Mir\u00f3, Golucho.<\/p>\n","protected":false},"author":1,"featured_media":51360,"comment_status":"closed","ping_status":"closed","template":"","meta":[],"event_cat":[145],"event_tag":[],"event_loc":[128],"class_list":["post-51363","event","type-event","status-publish","has-post-thumbnail","hentry","event_cat-exposicions","event_loc-llotja-de-sant-jordi"],"yoast_head":"<!-- This site is optimized with the Yoast SEO plugin v26.4 - https:\/\/yoast.com\/wordpress\/plugins\/seo\/ -->\n<title>Inauguraci\u00f3 Exposici\u00f3: \u00abTroballes \u00daniques\u00bb | Agenda Alcoy<\/title>\n<meta name=\"robots\" content=\"index, follow, max-snippet:-1, max-image-preview:large, max-video-preview:-1\" \/>\n<link rel=\"canonical\" href=\"https:\/\/agendaalcoy.com\/ca\/event\/exposicio-troballes-uniques-antoni-gisbert-placid-frances-ricard-navarrete-llorenc-casanova-emili-sala-francesc-laporta-ferran-cabrera-josep-mataix-peresejo-rigobert-soler-cabrera-gisbert-antoni-miro\/\" \/>\n<meta property=\"og:locale\" content=\"ca_ES\" \/>\n<meta property=\"og:type\" content=\"article\" \/>\n<meta property=\"og:title\" content=\"Inauguraci\u00f3 Exposici\u00f3: \u00abTroballes \u00daniques\u00bb | Agenda Alcoy\" \/>\n<meta property=\"og:description\" content=\"L&#8217;exposici\u00f3 &#8216;Troballes \u00daniques&#8217; presenta obres de destacats artistes: Antoni Gisbert, Pl\u00e0cid Franc\u00e9s, Ricard Navarrete, Lloren\u00e7 Casanova, Emili Sala, Francesc Laporta, Ferran Cabrera, Josep Mataix, Peresejo, Rigobert Soler, Cabrera Gisbert, Antoni Mir\u00f3, Golucho.\" \/>\n<meta property=\"og:url\" content=\"https:\/\/agendaalcoy.com\/ca\/event\/exposicio-troballes-uniques-antoni-gisbert-placid-frances-ricard-navarrete-llorenc-casanova-emili-sala-francesc-laporta-ferran-cabrera-josep-mataix-peresejo-rigobert-soler-cabrera-gisbert-antoni-miro\/\" \/>\n<meta property=\"og:site_name\" content=\"Agenda Alcoy\" \/>\n<meta property=\"article:modified_time\" content=\"2026-04-16T15:18:33+00:00\" \/>\n<meta property=\"og:image\" content=\"https:\/\/agendaalcoy.com\/wp-content\/uploads\/2026\/03\/dest-CARTELL-troballes.jpg\" \/>\n\t<meta property=\"og:image:width\" content=\"700\" \/>\n\t<meta property=\"og:image:height\" content=\"987\" \/>\n\t<meta property=\"og:image:type\" content=\"image\/jpeg\" \/>\n<meta name=\"twitter:card\" content=\"summary_large_image\" \/>\n<script type=\"application\/ld+json\" class=\"yoast-schema-graph\">{\"@context\":\"https:\/\/schema.org\",\"@graph\":[{\"@type\":\"WebPage\",\"@id\":\"https:\/\/agendaalcoy.com\/ca\/event\/exposicio-troballes-uniques-antoni-gisbert-placid-frances-ricard-navarrete-llorenc-casanova-emili-sala-francesc-laporta-ferran-cabrera-josep-mataix-peresejo-rigobert-soler-cabrera-gisbert-antoni-miro\/\",\"url\":\"https:\/\/agendaalcoy.com\/ca\/event\/exposicio-troballes-uniques-antoni-gisbert-placid-frances-ricard-navarrete-llorenc-casanova-emili-sala-francesc-laporta-ferran-cabrera-josep-mataix-peresejo-rigobert-soler-cabrera-gisbert-antoni-miro\/\",\"name\":\"Inauguraci\u00f3 Exposici\u00f3: \u00abTroballes \u00daniques\u00bb | Agenda Alcoy\",\"isPartOf\":{\"@id\":\"https:\/\/agendaalcoy.com\/ca\/#website\"},\"primaryImageOfPage\":{\"@id\":\"https:\/\/agendaalcoy.com\/ca\/event\/exposicio-troballes-uniques-antoni-gisbert-placid-frances-ricard-navarrete-llorenc-casanova-emili-sala-francesc-laporta-ferran-cabrera-josep-mataix-peresejo-rigobert-soler-cabrera-gisbert-antoni-miro\/#primaryimage\"},\"image\":{\"@id\":\"https:\/\/agendaalcoy.com\/ca\/event\/exposicio-troballes-uniques-antoni-gisbert-placid-frances-ricard-navarrete-llorenc-casanova-emili-sala-francesc-laporta-ferran-cabrera-josep-mataix-peresejo-rigobert-soler-cabrera-gisbert-antoni-miro\/#primaryimage\"},\"thumbnailUrl\":\"https:\/\/agendaalcoy.com\/wp-content\/uploads\/2026\/03\/dest-CARTELL-troballes.jpg\",\"datePublished\":\"2026-03-31T09:49:59+00:00\",\"dateModified\":\"2026-04-16T15:18:33+00:00\",\"breadcrumb\":{\"@id\":\"https:\/\/agendaalcoy.com\/ca\/event\/exposicio-troballes-uniques-antoni-gisbert-placid-frances-ricard-navarrete-llorenc-casanova-emili-sala-francesc-laporta-ferran-cabrera-josep-mataix-peresejo-rigobert-soler-cabrera-gisbert-antoni-miro\/#breadcrumb\"},\"inLanguage\":\"ca\",\"potentialAction\":[{\"@type\":\"ReadAction\",\"target\":[\"https:\/\/agendaalcoy.com\/ca\/event\/exposicio-troballes-uniques-antoni-gisbert-placid-frances-ricard-navarrete-llorenc-casanova-emili-sala-francesc-laporta-ferran-cabrera-josep-mataix-peresejo-rigobert-soler-cabrera-gisbert-antoni-miro\/\"]}]},{\"@type\":\"ImageObject\",\"inLanguage\":\"ca\",\"@id\":\"https:\/\/agendaalcoy.com\/ca\/event\/exposicio-troballes-uniques-antoni-gisbert-placid-frances-ricard-navarrete-llorenc-casanova-emili-sala-francesc-laporta-ferran-cabrera-josep-mataix-peresejo-rigobert-soler-cabrera-gisbert-antoni-miro\/#primaryimage\",\"url\":\"https:\/\/agendaalcoy.com\/wp-content\/uploads\/2026\/03\/dest-CARTELL-troballes.jpg\",\"contentUrl\":\"https:\/\/agendaalcoy.com\/wp-content\/uploads\/2026\/03\/dest-CARTELL-troballes.jpg\",\"width\":700,\"height\":987},{\"@type\":\"BreadcrumbList\",\"@id\":\"https:\/\/agendaalcoy.com\/ca\/event\/exposicio-troballes-uniques-antoni-gisbert-placid-frances-ricard-navarrete-llorenc-casanova-emili-sala-francesc-laporta-ferran-cabrera-josep-mataix-peresejo-rigobert-soler-cabrera-gisbert-antoni-miro\/#breadcrumb\",\"itemListElement\":[{\"@type\":\"ListItem\",\"position\":1,\"name\":\"Portada\",\"item\":\"https:\/\/agendaalcoy.com\/ca\/\"},{\"@type\":\"ListItem\",\"position\":2,\"name\":\"Inauguraci\u00f3 Exposici\u00f3: \u00abTroballes \u00daniques\u00bb\"}]},{\"@type\":\"WebSite\",\"@id\":\"https:\/\/agendaalcoy.com\/ca\/#website\",\"url\":\"https:\/\/agendaalcoy.com\/ca\/\",\"name\":\"Agenda Alcoy\",\"description\":\"Agenda Cultural de Alcoy - Conciertos, teatro, exposiciones, actividades infantiles, tradiciones...\",\"potentialAction\":[{\"@type\":\"SearchAction\",\"target\":{\"@type\":\"EntryPoint\",\"urlTemplate\":\"https:\/\/agendaalcoy.com\/ca\/?s={search_term_string}\"},\"query-input\":{\"@type\":\"PropertyValueSpecification\",\"valueRequired\":true,\"valueName\":\"search_term_string\"}}],\"inLanguage\":\"ca\"}]}<\/script>\n<!-- \/ Yoast SEO plugin. -->","yoast_head_json":{"title":"Inauguraci\u00f3 Exposici\u00f3: \u00abTroballes \u00daniques\u00bb | Agenda Alcoy","robots":{"index":"index","follow":"follow","max-snippet":"max-snippet:-1","max-image-preview":"max-image-preview:large","max-video-preview":"max-video-preview:-1"},"canonical":"https:\/\/agendaalcoy.com\/ca\/event\/exposicio-troballes-uniques-antoni-gisbert-placid-frances-ricard-navarrete-llorenc-casanova-emili-sala-francesc-laporta-ferran-cabrera-josep-mataix-peresejo-rigobert-soler-cabrera-gisbert-antoni-miro\/","og_locale":"ca_ES","og_type":"article","og_title":"Inauguraci\u00f3 Exposici\u00f3: \u00abTroballes \u00daniques\u00bb | Agenda Alcoy","og_description":"L&#8217;exposici\u00f3 &#8216;Troballes \u00daniques&#8217; presenta obres de destacats artistes: Antoni Gisbert, Pl\u00e0cid Franc\u00e9s, Ricard Navarrete, Lloren\u00e7 Casanova, Emili Sala, Francesc Laporta, Ferran Cabrera, Josep Mataix, Peresejo, Rigobert Soler, Cabrera Gisbert, Antoni Mir\u00f3, Golucho.","og_url":"https:\/\/agendaalcoy.com\/ca\/event\/exposicio-troballes-uniques-antoni-gisbert-placid-frances-ricard-navarrete-llorenc-casanova-emili-sala-francesc-laporta-ferran-cabrera-josep-mataix-peresejo-rigobert-soler-cabrera-gisbert-antoni-miro\/","og_site_name":"Agenda Alcoy","article_modified_time":"2026-04-16T15:18:33+00:00","og_image":[{"width":700,"height":987,"url":"https:\/\/agendaalcoy.com\/wp-content\/uploads\/2026\/03\/dest-CARTELL-troballes.jpg","type":"image\/jpeg"}],"twitter_card":"summary_large_image","schema":{"@context":"https:\/\/schema.org","@graph":[{"@type":"WebPage","@id":"https:\/\/agendaalcoy.com\/ca\/event\/exposicio-troballes-uniques-antoni-gisbert-placid-frances-ricard-navarrete-llorenc-casanova-emili-sala-francesc-laporta-ferran-cabrera-josep-mataix-peresejo-rigobert-soler-cabrera-gisbert-antoni-miro\/","url":"https:\/\/agendaalcoy.com\/ca\/event\/exposicio-troballes-uniques-antoni-gisbert-placid-frances-ricard-navarrete-llorenc-casanova-emili-sala-francesc-laporta-ferran-cabrera-josep-mataix-peresejo-rigobert-soler-cabrera-gisbert-antoni-miro\/","name":"Inauguraci\u00f3 Exposici\u00f3: \u00abTroballes \u00daniques\u00bb | Agenda Alcoy","isPartOf":{"@id":"https:\/\/agendaalcoy.com\/ca\/#website"},"primaryImageOfPage":{"@id":"https:\/\/agendaalcoy.com\/ca\/event\/exposicio-troballes-uniques-antoni-gisbert-placid-frances-ricard-navarrete-llorenc-casanova-emili-sala-francesc-laporta-ferran-cabrera-josep-mataix-peresejo-rigobert-soler-cabrera-gisbert-antoni-miro\/#primaryimage"},"image":{"@id":"https:\/\/agendaalcoy.com\/ca\/event\/exposicio-troballes-uniques-antoni-gisbert-placid-frances-ricard-navarrete-llorenc-casanova-emili-sala-francesc-laporta-ferran-cabrera-josep-mataix-peresejo-rigobert-soler-cabrera-gisbert-antoni-miro\/#primaryimage"},"thumbnailUrl":"https:\/\/agendaalcoy.com\/wp-content\/uploads\/2026\/03\/dest-CARTELL-troballes.jpg","datePublished":"2026-03-31T09:49:59+00:00","dateModified":"2026-04-16T15:18:33+00:00","breadcrumb":{"@id":"https:\/\/agendaalcoy.com\/ca\/event\/exposicio-troballes-uniques-antoni-gisbert-placid-frances-ricard-navarrete-llorenc-casanova-emili-sala-francesc-laporta-ferran-cabrera-josep-mataix-peresejo-rigobert-soler-cabrera-gisbert-antoni-miro\/#breadcrumb"},"inLanguage":"ca","potentialAction":[{"@type":"ReadAction","target":["https:\/\/agendaalcoy.com\/ca\/event\/exposicio-troballes-uniques-antoni-gisbert-placid-frances-ricard-navarrete-llorenc-casanova-emili-sala-francesc-laporta-ferran-cabrera-josep-mataix-peresejo-rigobert-soler-cabrera-gisbert-antoni-miro\/"]}]},{"@type":"ImageObject","inLanguage":"ca","@id":"https:\/\/agendaalcoy.com\/ca\/event\/exposicio-troballes-uniques-antoni-gisbert-placid-frances-ricard-navarrete-llorenc-casanova-emili-sala-francesc-laporta-ferran-cabrera-josep-mataix-peresejo-rigobert-soler-cabrera-gisbert-antoni-miro\/#primaryimage","url":"https:\/\/agendaalcoy.com\/wp-content\/uploads\/2026\/03\/dest-CARTELL-troballes.jpg","contentUrl":"https:\/\/agendaalcoy.com\/wp-content\/uploads\/2026\/03\/dest-CARTELL-troballes.jpg","width":700,"height":987},{"@type":"BreadcrumbList","@id":"https:\/\/agendaalcoy.com\/ca\/event\/exposicio-troballes-uniques-antoni-gisbert-placid-frances-ricard-navarrete-llorenc-casanova-emili-sala-francesc-laporta-ferran-cabrera-josep-mataix-peresejo-rigobert-soler-cabrera-gisbert-antoni-miro\/#breadcrumb","itemListElement":[{"@type":"ListItem","position":1,"name":"Portada","item":"https:\/\/agendaalcoy.com\/ca\/"},{"@type":"ListItem","position":2,"name":"Inauguraci\u00f3 Exposici\u00f3: \u00abTroballes \u00daniques\u00bb"}]},{"@type":"WebSite","@id":"https:\/\/agendaalcoy.com\/ca\/#website","url":"https:\/\/agendaalcoy.com\/ca\/","name":"Agenda Alcoy","description":"Agenda Cultural de Alcoy - Conciertos, teatro, exposiciones, actividades infantiles, tradiciones...","potentialAction":[{"@type":"SearchAction","target":{"@type":"EntryPoint","urlTemplate":"https:\/\/agendaalcoy.com\/ca\/?s={search_term_string}"},"query-input":{"@type":"PropertyValueSpecification","valueRequired":true,"valueName":"search_term_string"}}],"inLanguage":"ca"}]}},"start_date":"02-04-2026","end_date":"31-05-2026","start_time":"00:00","end_time":"23:59","event_address":"Llotja de Sant Jordi","categories":["Exposicions"],"featured_image":"https:\/\/agendaalcoy.com\/wp-content\/uploads\/2026\/03\/dest-CARTELL-troballes.jpg","_links":{"self":[{"href":"https:\/\/agendaalcoy.com\/ca\/wp-json\/wp\/v2\/event\/51363","targetHints":{"allow":["GET"]}}],"collection":[{"href":"https:\/\/agendaalcoy.com\/ca\/wp-json\/wp\/v2\/event"}],"about":[{"href":"https:\/\/agendaalcoy.com\/ca\/wp-json\/wp\/v2\/types\/event"}],"author":[{"embeddable":true,"href":"https:\/\/agendaalcoy.com\/ca\/wp-json\/wp\/v2\/users\/1"}],"replies":[{"embeddable":true,"href":"https:\/\/agendaalcoy.com\/ca\/wp-json\/wp\/v2\/comments?post=51363"}],"version-history":[{"count":2,"href":"https:\/\/agendaalcoy.com\/ca\/wp-json\/wp\/v2\/event\/51363\/revisions"}],"predecessor-version":[{"id":52861,"href":"https:\/\/agendaalcoy.com\/ca\/wp-json\/wp\/v2\/event\/51363\/revisions\/52861"}],"wp:featuredmedia":[{"embeddable":true,"href":"https:\/\/agendaalcoy.com\/ca\/wp-json\/wp\/v2\/media\/51360"}],"wp:attachment":[{"href":"https:\/\/agendaalcoy.com\/ca\/wp-json\/wp\/v2\/media?parent=51363"}],"wp:term":[{"taxonomy":"event_cat","embeddable":true,"href":"https:\/\/agendaalcoy.com\/ca\/wp-json\/wp\/v2\/event_cat?post=51363"},{"taxonomy":"event_tag","embeddable":true,"href":"https:\/\/agendaalcoy.com\/ca\/wp-json\/wp\/v2\/event_tag?post=51363"},{"taxonomy":"event_loc","embeddable":true,"href":"https:\/\/agendaalcoy.com\/ca\/wp-json\/wp\/v2\/event_loc?post=51363"}],"curies":[{"name":"wp","href":"https:\/\/api.w.org\/{rel}","templated":true}]}}